{"id":52,"date":"2019-10-22T15:03:20","date_gmt":"2019-10-22T14:03:20","guid":{"rendered":"https:\/\/dev.yvon-laurent-vocoret.com\/?page_id=52"},"modified":"2021-12-13T22:14:55","modified_gmt":"2021-12-13T21:14:55","slug":"histoire","status":"publish","type":"page","link":"https:\/\/www.yvon-laurent-vocoret.com\/en\/histoire\/","title":{"rendered":"Our History"},"content":{"rendered":"<h1 class=\"w-100 text-center mt-5 text-primary font-garamond-bold wp-block-heading\">History of the Vocoret Family from Maligny<\/h1>        <div id=\"cptbc_721\" class=\"carousel slide\"  data-ride=\"carousel\" data-interval=\"4000\">\n\n            \n            <div class=\"carousel-inner\">\n            \n                <div class=\"carousel-item active\" id=\"cptbc-item-94\" >\n                    <img loading=\"lazy\" decoding=\"async\" width=\"800\" height=\"554\" src=\"https:\/\/www.yvon-laurent-vocoret.com\/wp-content\/uploads\/2019\/10\/histoire1.jpg\" class=\"attachment-full size-full wp-post-image\" alt=\"Vendanges dans les ann\u00e9es 1950\" srcset=\"https:\/\/www.yvon-laurent-vocoret.com\/wp-content\/uploads\/2019\/10\/histoire1.jpg 800w, https:\/\/www.yvon-laurent-vocoret.com\/wp-content\/uploads\/2019\/10\/histoire1-600x416.jpg 600w, https:\/\/www.yvon-laurent-vocoret.com\/wp-content\/uploads\/2019\/10\/histoire1-300x208.jpg 300w, https:\/\/www.yvon-laurent-vocoret.com\/wp-content\/uploads\/2019\/10\/histoire1-768x532.jpg 768w\" sizes=\"(max-width: 800px) 100vw, 800px\" \/><div class=\"carousel-caption\"><h4>Vendanges dans les ann\u00e9es 1950<\/h4><\/div>                <\/div>\n            \n                <div class=\"carousel-item\" id=\"cptbc-item-95\" >\n                    <img loading=\"lazy\" decoding=\"async\" width=\"800\" height=\"541\" src=\"https:\/\/www.yvon-laurent-vocoret.com\/wp-content\/uploads\/2019\/10\/histoire3.jpg\" class=\"attachment-full size-full wp-post-image\" alt=\"Vendanges en 1963\" srcset=\"https:\/\/www.yvon-laurent-vocoret.com\/wp-content\/uploads\/2019\/10\/histoire3.jpg 800w, https:\/\/www.yvon-laurent-vocoret.com\/wp-content\/uploads\/2019\/10\/histoire3-600x406.jpg 600w, https:\/\/www.yvon-laurent-vocoret.com\/wp-content\/uploads\/2019\/10\/histoire3-300x203.jpg 300w, https:\/\/www.yvon-laurent-vocoret.com\/wp-content\/uploads\/2019\/10\/histoire3-768x519.jpg 768w\" sizes=\"(max-width: 800px) 100vw, 800px\" \/><div class=\"carousel-caption\"><h4>Vendanges en 1963<\/h4><\/div>                <\/div>\n            \n                <div class=\"carousel-item\" id=\"cptbc-item-96\" >\n                    <img loading=\"lazy\" decoding=\"async\" width=\"800\" height=\"550\" src=\"https:\/\/www.yvon-laurent-vocoret.com\/wp-content\/uploads\/2019\/10\/histoire2.jpg\" class=\"attachment-full size-full wp-post-image\" alt=\"Traitement des vignes en 1955\" srcset=\"https:\/\/www.yvon-laurent-vocoret.com\/wp-content\/uploads\/2019\/10\/histoire2.jpg 800w, https:\/\/www.yvon-laurent-vocoret.com\/wp-content\/uploads\/2019\/10\/histoire2-600x413.jpg 600w, https:\/\/www.yvon-laurent-vocoret.com\/wp-content\/uploads\/2019\/10\/histoire2-300x206.jpg 300w, https:\/\/www.yvon-laurent-vocoret.com\/wp-content\/uploads\/2019\/10\/histoire2-768x528.jpg 768w\" sizes=\"(max-width: 800px) 100vw, 800px\" \/><div class=\"carousel-caption\"><h4>Traitement des vignes en 1955<\/h4><\/div>                <\/div>\n            \n                <div class=\"carousel-item\" id=\"cptbc-item-97\" >\n                    <img loading=\"lazy\" decoding=\"async\" width=\"800\" height=\"568\" src=\"https:\/\/www.yvon-laurent-vocoret.com\/wp-content\/uploads\/2019\/10\/histoire4.jpg\" class=\"attachment-full size-full wp-post-image\" alt=\"Vendanges en 1959\" srcset=\"https:\/\/www.yvon-laurent-vocoret.com\/wp-content\/uploads\/2019\/10\/histoire4.jpg 800w, https:\/\/www.yvon-laurent-vocoret.com\/wp-content\/uploads\/2019\/10\/histoire4-600x426.jpg 600w, https:\/\/www.yvon-laurent-vocoret.com\/wp-content\/uploads\/2019\/10\/histoire4-300x213.jpg 300w, https:\/\/www.yvon-laurent-vocoret.com\/wp-content\/uploads\/2019\/10\/histoire4-768x545.jpg 768w\" sizes=\"(max-width: 800px) 100vw, 800px\" \/><div class=\"carousel-caption\"><h4>Vendanges en 1959<\/h4><\/div>                <\/div>\n            \n                <div class=\"carousel-item\" id=\"cptbc-item-98\" >\n                    <img loading=\"lazy\" decoding=\"async\" width=\"513\" height=\"354\" src=\"https:\/\/www.yvon-laurent-vocoret.com\/wp-content\/uploads\/2019\/10\/histoire5.jpg\" class=\"attachment-full size-full wp-post-image\" alt=\"Laurent et Yvon Vocoret\" srcset=\"https:\/\/www.yvon-laurent-vocoret.com\/wp-content\/uploads\/2019\/10\/histoire5.jpg 513w, https:\/\/www.yvon-laurent-vocoret.com\/wp-content\/uploads\/2019\/10\/histoire5-300x207.jpg 300w\" sizes=\"(max-width: 513px) 100vw, 513px\" \/><div class=\"carousel-caption\"><h4>Laurent et Yvon Vocoret<\/h4><\/div>                <\/div>\n                        <\/div>\n\n            \n        <\/div>\n\n        <p class=\"mt-5 mx-md-5 text-justify translation-block\">Our family of winemakers is inscribed in the history of vine cultivation and wine making, in the heart of our vineyard since 1713. It was Jean Vocoret, whose winemaking soul no doubt guided him to pass down his wisdom, his fruits and the nobility of winemaking to his descendants, which gave us such passion for our craftsmanship.<\/p><p class=\"mx-md-5 text-justify\">A little closer in time of our Chablis winemaking history, the one who contributed to renaming our Domain was my great, great grandfather Victor Hyppolite Vocoret, born in 1863, who at the time, had a few acres of vineyards and some leaflets in the cellar.<\/p><p class=\"mx-md-5 text-justify\">Thereafter, it was my grandfather Henri Vocoret, born in 1895 (see photo), who, despite 4 years of horrid suffering on the fronts of Verdun (1914-1918) and alongside my grandmother Louise (see photo), managed to make the land prosper with the help of his horses (see photo), and his pride for producing excellent wine. The fulfillment of the winemaking craft compensated for the moral injury sustained from the horrible war, which impacted him very deeply: Hard at mind, hard at work - respect!<\/p><p class=\"mx-md-5 text-justify\">After, it was my father Maurice (1928-1997) and my mom Huguette (1933), who, hand in hand, carefully reflected upon the art of winemaking and innovated in high performance equipment for the cellar. They knew how to anticipate and plan, so that the quality of our wines would be recognized. The wines of our domain always bear the imprint of this qualitative anticipation, whose key word is respect.<\/p><p class=\"mb-5 mx-md-5 text-justify\">Aujourd\u2019hui, Huguette, Christine, Cl\u00e9mentine, Yvon et Laurent ont toujours la m\u00eame motivation pour ce passionnant m\u00e9tier\u00a0;  reconnaissants et respectueux, ils continuent d\u2019\u00e9crire le roman d\u2019une famille de vignerons humble mais d\u00e9termin\u00e9e afin que la noblesse de leurs vins continue de faire vivre votre plaisir.<\/p>","protected":false},"excerpt":{"rendered":"<p>Histoire de la Famille Vocoret de Maligny Notre famille de vignerons s\u2019inscrit dans l\u2019histoire de la culture de la vigne et du vin au c\u0153ur de notre vignoble depuis 1713 C\u2019est un Jean Vocoret, vigneron, qui a su, sans doute \u00e0 travers son \u00e2me, transmettre au fil des ans \u00e0 notre famille le fruit, la [&hellip;]<\/p>\n","protected":false},"author":1,"featured_media":0,"parent":0,"menu_order":0,"comment_status":"closed","ping_status":"closed","template":"","meta":{"_acf_changed":false,"footnotes":""},"acf":[],"yoast_head":"<!-- This site is optimized with the Yoast SEO plugin v23.4 - https:\/\/yoast.com\/wordpress\/plugins\/seo\/ -->\n<title>Histoire - Domaine Yvon et Laurent Vocoret - Vignerons depuis 1713<\/title>\n<meta name=\"description\" content=\"Histoire - Domaine Yvon et Laurent Vocoret - Notre famille de vignerons s\u2019inscrit dans l\u2019histoire de la culture de la vigne et du vin depuis 1713\" \/>\n<meta name=\"robots\" content=\"index, follow, max-snippet:-1, max-image-preview:large, max-video-preview:-1\" \/>\n<link rel=\"canonical\" href=\"https:\/\/www.yvon-laurent-vocoret.com\/en\/histoire\/\" \/>\n<meta property=\"og:locale\" content=\"en_GB\" \/>\n<meta property=\"og:type\" content=\"article\" \/>\n<meta property=\"og:title\" content=\"Histoire - Domaine Yvon et Laurent Vocoret - Vignerons depuis 1713\" \/>\n<meta property=\"og:description\" content=\"Histoire - Domaine Yvon et Laurent Vocoret - Notre famille de vignerons s\u2019inscrit dans l\u2019histoire de la culture de la vigne et du vin depuis 1713\" \/>\n<meta property=\"og:url\" content=\"https:\/\/www.yvon-laurent-vocoret.com\/en\/histoire\/\" \/>\n<meta property=\"og:site_name\" content=\"Domaine Yvon et Laurent Vocoret\" \/>\n<meta property=\"article:modified_time\" content=\"2021-12-13T21:14:55+00:00\" \/>\n<meta name=\"twitter:card\" content=\"summary_large_image\" \/>\n<meta name=\"twitter:label1\" content=\"Estimated reading time\" \/>\n\t<meta name=\"twitter:data1\" content=\"2 minutes\" \/>\n<script type=\"application\/ld+json\" class=\"yoast-schema-graph\">{\"@context\":\"https:\/\/schema.org\",\"@graph\":[{\"@type\":\"WebPage\",\"@id\":\"https:\/\/www.yvon-laurent-vocoret.com\/histoire\/\",\"url\":\"https:\/\/www.yvon-laurent-vocoret.com\/histoire\/\",\"name\":\"Histoire - Domaine Yvon et Laurent Vocoret - Vignerons depuis 1713\",\"isPartOf\":{\"@id\":\"https:\/\/www.yvon-laurent-vocoret.com\/en\/#website\"},\"datePublished\":\"2019-10-22T14:03:20+00:00\",\"dateModified\":\"2021-12-13T21:14:55+00:00\",\"description\":\"Histoire - Domaine Yvon et Laurent Vocoret - Notre famille de vignerons s\u2019inscrit dans l\u2019histoire de la culture de la vigne et du vin depuis 1713\",\"breadcrumb\":{\"@id\":\"https:\/\/www.yvon-laurent-vocoret.com\/histoire\/#breadcrumb\"},\"inLanguage\":\"en-GB\",\"potentialAction\":[{\"@type\":\"ReadAction\",\"target\":[\"https:\/\/www.yvon-laurent-vocoret.com\/histoire\/\"]}]},{\"@type\":\"BreadcrumbList\",\"@id\":\"https:\/\/www.yvon-laurent-vocoret.com\/histoire\/#breadcrumb\",\"itemListElement\":[{\"@type\":\"ListItem\",\"position\":1,\"name\":\"Accueil\",\"item\":\"https:\/\/www.yvon-laurent-vocoret.com\/\"},{\"@type\":\"ListItem\",\"position\":2,\"name\":\"Histoire\"}]},{\"@type\":\"WebSite\",\"@id\":\"https:\/\/www.yvon-laurent-vocoret.com\/en\/#website\",\"url\":\"https:\/\/www.yvon-laurent-vocoret.com\/en\/\",\"name\":\"Domaine Yvon et Laurent Vocoret\",\"description\":\"Just another WordPress site\",\"publisher\":{\"@id\":\"https:\/\/www.yvon-laurent-vocoret.com\/en\/#organization\"},\"potentialAction\":[{\"@type\":\"SearchAction\",\"target\":{\"@type\":\"EntryPoint\",\"urlTemplate\":\"https:\/\/www.yvon-laurent-vocoret.com\/en\/?s={search_term_string}\"},\"query-input\":{\"@type\":\"PropertyValueSpecification\",\"valueRequired\":true,\"valueName\":\"search_term_string\"}}],\"inLanguage\":\"en-GB\"},{\"@type\":\"Organization\",\"@id\":\"https:\/\/www.yvon-laurent-vocoret.com\/en\/#organization\",\"name\":\"Domaine Yvon et Laurent Vocoret\",\"url\":\"https:\/\/www.yvon-laurent-vocoret.com\/en\/\",\"logo\":{\"@type\":\"ImageObject\",\"inLanguage\":\"en-GB\",\"@id\":\"https:\/\/www.yvon-laurent-vocoret.com\/en\/#\/schema\/logo\/image\/\",\"url\":\"https:\/\/www.yvon-laurent-vocoret.com\/wp-content\/uploads\/2020\/11\/logo.png\",\"contentUrl\":\"https:\/\/www.yvon-laurent-vocoret.com\/wp-content\/uploads\/2020\/11\/logo.png\",\"width\":109,\"height\":123,\"caption\":\"Domaine Yvon et Laurent Vocoret\"},\"image\":{\"@id\":\"https:\/\/www.yvon-laurent-vocoret.com\/en\/#\/schema\/logo\/image\/\"}}]}<\/script>\n<!-- \/ Yoast SEO plugin. -->","yoast_head_json":{"title":"Histoire - Domaine Yvon et Laurent Vocoret - Vignerons depuis 1713","description":"Histoire - Domaine Yvon et Laurent Vocoret - Notre famille de vignerons s\u2019inscrit dans l\u2019histoire de la culture de la vigne et du vin depuis 1713","robots":{"index":"index","follow":"follow","max-snippet":"max-snippet:-1","max-image-preview":"max-image-preview:large","max-video-preview":"max-video-preview:-1"},"canonical":"https:\/\/www.yvon-laurent-vocoret.com\/en\/histoire\/","og_locale":"en_GB","og_type":"article","og_title":"Histoire - Domaine Yvon et Laurent Vocoret - Vignerons depuis 1713","og_description":"Histoire - Domaine Yvon et Laurent Vocoret - Notre famille de vignerons s\u2019inscrit dans l\u2019histoire de la culture de la vigne et du vin depuis 1713","og_url":"https:\/\/www.yvon-laurent-vocoret.com\/en\/histoire\/","og_site_name":"Domaine Yvon et Laurent Vocoret","article_modified_time":"2021-12-13T21:14:55+00:00","twitter_card":"summary_large_image","twitter_misc":{"Estimated reading time":"2 minutes"},"schema":{"@context":"https:\/\/schema.org","@graph":[{"@type":"WebPage","@id":"https:\/\/www.yvon-laurent-vocoret.com\/histoire\/","url":"https:\/\/www.yvon-laurent-vocoret.com\/histoire\/","name":"Histoire - Domaine Yvon et Laurent Vocoret - Vignerons depuis 1713","isPartOf":{"@id":"https:\/\/www.yvon-laurent-vocoret.com\/en\/#website"},"datePublished":"2019-10-22T14:03:20+00:00","dateModified":"2021-12-13T21:14:55+00:00","description":"Histoire - Domaine Yvon et Laurent Vocoret - Notre famille de vignerons s\u2019inscrit dans l\u2019histoire de la culture de la vigne et du vin depuis 1713","breadcrumb":{"@id":"https:\/\/www.yvon-laurent-vocoret.com\/histoire\/#breadcrumb"},"inLanguage":"en-GB","potentialAction":[{"@type":"ReadAction","target":["https:\/\/www.yvon-laurent-vocoret.com\/histoire\/"]}]},{"@type":"BreadcrumbList","@id":"https:\/\/www.yvon-laurent-vocoret.com\/histoire\/#breadcrumb","itemListElement":[{"@type":"ListItem","position":1,"name":"Accueil","item":"https:\/\/www.yvon-laurent-vocoret.com\/"},{"@type":"ListItem","position":2,"name":"Histoire"}]},{"@type":"WebSite","@id":"https:\/\/www.yvon-laurent-vocoret.com\/en\/#website","url":"https:\/\/www.yvon-laurent-vocoret.com\/en\/","name":"Domaine Yvon et Laurent Vocoret","description":"Just another WordPress site","publisher":{"@id":"https:\/\/www.yvon-laurent-vocoret.com\/en\/#organization"},"potentialAction":[{"@type":"SearchAction","target":{"@type":"EntryPoint","urlTemplate":"https:\/\/www.yvon-laurent-vocoret.com\/en\/?s={search_term_string}"},"query-input":{"@type":"PropertyValueSpecification","valueRequired":true,"valueName":"search_term_string"}}],"inLanguage":"en-GB"},{"@type":"Organization","@id":"https:\/\/www.yvon-laurent-vocoret.com\/en\/#organization","name":"Domaine Yvon et Laurent Vocoret","url":"https:\/\/www.yvon-laurent-vocoret.com\/en\/","logo":{"@type":"ImageObject","inLanguage":"en-GB","@id":"https:\/\/www.yvon-laurent-vocoret.com\/en\/#\/schema\/logo\/image\/","url":"https:\/\/www.yvon-laurent-vocoret.com\/wp-content\/uploads\/2020\/11\/logo.png","contentUrl":"https:\/\/www.yvon-laurent-vocoret.com\/wp-content\/uploads\/2020\/11\/logo.png","width":109,"height":123,"caption":"Domaine Yvon et Laurent Vocoret"},"image":{"@id":"https:\/\/www.yvon-laurent-vocoret.com\/en\/#\/schema\/logo\/image\/"}}]}},"_links":{"self":[{"href":"https:\/\/www.yvon-laurent-vocoret.com\/en\/wp-json\/wp\/v2\/pages\/52"}],"collection":[{"href":"https:\/\/www.yvon-laurent-vocoret.com\/en\/wp-json\/wp\/v2\/pages"}],"about":[{"href":"https:\/\/www.yvon-laurent-vocoret.com\/en\/wp-json\/wp\/v2\/types\/page"}],"author":[{"embeddable":true,"href":"https:\/\/www.yvon-laurent-vocoret.com\/en\/wp-json\/wp\/v2\/users\/1"}],"replies":[{"embeddable":true,"href":"https:\/\/www.yvon-laurent-vocoret.com\/en\/wp-json\/wp\/v2\/comments?post=52"}],"version-history":[{"count":21,"href":"https:\/\/www.yvon-laurent-vocoret.com\/en\/wp-json\/wp\/v2\/pages\/52\/revisions"}],"predecessor-version":[{"id":581,"href":"https:\/\/www.yvon-laurent-vocoret.com\/en\/wp-json\/wp\/v2\/pages\/52\/revisions\/581"}],"wp:attachment":[{"href":"https:\/\/www.yvon-laurent-vocoret.com\/en\/wp-json\/wp\/v2\/media?parent=52"}],"curies":[{"name":"wp","href":"https:\/\/api.w.org\/{rel}","templated":true}]}}